{"id":46495,"date":"2026-09-04T13:29:41","date_gmt":"2026-09-04T16:29:41","guid":{"rendered":"https:\/\/ponteseditores.com.br\/loja3\/?post_type=product&#038;p=46495"},"modified":"2026-09-04T13:29:42","modified_gmt":"2026-09-04T16:29:42","slug":"transformacao-docente-na-educacao-bilingue-publica-saberes-em-movimento-por-meio-da-pesquisa-e-da-parceria-universidade-escola","status":"publish","type":"product","link":"https:\/\/ponteseditores.com.br\/loja3\/loja\/transformacao-docente-na-educacao-bilingue-publica-saberes-em-movimento-por-meio-da-pesquisa-e-da-parceria-universidade-escola\/","title":{"rendered":"(Trans)Forma\u00e7\u00e3o docente na educa\u00e7\u00e3o bil\u00edngue p\u00fablica: saberes em movimento por meio da pesquisa e da parceria universidade-escola"},"content":{"rendered":"<p><strong>(Trans)Forma\u00e7\u00e3o Docente na Educa\u00e7\u00e3o Bil\u00edngue P\u00fablica: saberes em movimento por meio da pesquisa e da parceria Universidade\u2013Escola<\/strong> coloca a forma\u00e7\u00e3o docente no centro do debate sobre a educa\u00e7\u00e3o bil\u00edngue p\u00fablica no Brasil. Reunindo pesquisas, experi\u00eancias e relatos desenvolvidos em diferentes regi\u00f5es do pa\u00eds, a obra evidencia desafios, possibilidades e transforma\u00e7\u00f5es que emergem da constru\u00e7\u00e3o de propostas educacionais bil\u00edngues comprometidas com uma educa\u00e7\u00e3o p\u00fablica mais equitativa, inclusiva e sens\u00edvel \u00e0 diversidade lingu\u00edstica e cultural.<\/p>\n<p>Ao longo dos cap\u00edtulos, a escola p\u00fablica bil\u00edngue \u00e9 compreendida como espa\u00e7o vivo de aprendizagem, forma\u00e7\u00e3o e produ\u00e7\u00e3o de conhecimentos, no qual professores e professoras se constituem em comunidades colaborativas e se reconhecem como agentes de transforma\u00e7\u00e3o. As experi\u00eancias apresentadas compartilham uma concep\u00e7\u00e3o de forma\u00e7\u00e3o cr\u00edtica, situada, colaborativa e praxiol\u00f3gica, sustentada pela articula\u00e7\u00e3o entre universidade e escola, teoria e pr\u00e1tica, pesquisa e extens\u00e3o.<\/p>\n<p>A colet\u00e2nea tamb\u00e9m d\u00e1 visibilidade a desafios que ainda atravessam o campo, como a necessidade de pol\u00edticas de forma\u00e7\u00e3o contextualizadas, o enfrentamento de lacunas conceituais e metodol\u00f3gicas, as resist\u00eancias culturais, as condi\u00e7\u00f5es de trabalho e o reconhecimento da doc\u00eancia bil\u00edngue como um campo espec\u00edfico de saberes e pr\u00e1ticas.<\/p>\n<p>Tendo como eixo estruturante a parceria Universidade\u2013Escola e a valoriza\u00e7\u00e3o da escola p\u00fablica como espa\u00e7o leg\u00edtimo de produ\u00e7\u00e3o de saberes, cada cap\u00edtulo apresenta uma experi\u00eancia situada, constru\u00edda colaborativamente em contextos bil\u00edngues p\u00fablicos marcados por pol\u00edticas, configura\u00e7\u00f5es e realidades pr\u00f3prias.<\/p>\n<p>Em sua diversidade, essas experi\u00eancias convergem para um prop\u00f3sito comum: contribuir para a constru\u00e7\u00e3o de conhecimentos, princ\u00edpios e par\u00e2metros para a forma\u00e7\u00e3o docente em escolas bil\u00edngues p\u00fablicas brasileiras, fortalecendo um campo ainda em consolida\u00e7\u00e3o no pa\u00eds.<\/p>\n<p>&nbsp;<\/p>\n","protected":false},"excerpt":{"rendered":"<p>(Trans)Forma\u00e7\u00e3o Docente na Educa\u00e7\u00e3o Bil\u00edngue P\u00fablica: saberes em movimento por meio da pesquisa e da parceria Universidade\u2013Escola coloca a forma\u00e7\u00e3o docente no centro do debate sobre a educa\u00e7\u00e3o bil\u00edngue p\u00fablica no Brasil. Reunindo pesquisas, experi\u00eancias e relatos desenvolvidos em diferentes regi\u00f5es do pa\u00eds, a obra evidencia desafios, possibilidades e transforma\u00e7\u00f5es que emergem da constru\u00e7\u00e3o de [&hellip;]<\/p>\n","protected":false},"featured_media":46497,"template":"","meta":{"_relevanssi_hide_post":"","_relevanssi_hide_content":"","_relevanssi_pin_for_all":"","_relevanssi_pin_keywords":"","_relevanssi_unpin_keywords":"","_relevanssi_related_keywords":"","_relevanssi_related_include_ids":"","_relevanssi_related_exclude_ids":"","_relevanssi_related_no_append":"","_relevanssi_related_not_related":"","_relevanssi_related_posts":"","_relevanssi_noindex_reason":"","_joinchat":[]},"product_brand":[],"product_cat":[165,386],"product_tag":[],"class_list":["post-46495","product","type-product","status-publish","has-post-thumbnail","product_cat-ebook","product_cat-lancamento-e-book","first","instock","downloadable","virtual","purchasable","product-type-simple"],"yoast_head":"<!-- This site is optimized with the Yoast SEO Premium plugin v27.9 (Yoast SEO v28.4) - https:\/\/yoast.com\/product\/yoast-seo-premium-wordpress\/ -->\n<title>(Trans)Forma\u00e7\u00e3o docente na educa\u00e7\u00e3o bil\u00edngue p\u00fablica: saberes em movimento por meio da pesquisa e da parceria universidade-escola - Pontes Editores<\/title>\n<meta name=\"robots\" content=\"index, follow, max-snippet:-1, max-image-preview:large, max-video-preview:-1\" \/>\n<link rel=\"canonical\" href=\"https:\/\/ponteseditores.com.br\/loja3\/loja\/transformacao-docente-na-educacao-bilingue-publica-saberes-em-movimento-por-meio-da-pesquisa-e-da-parceria-universidade-escola\/\" \/>\n<meta property=\"og:locale\" content=\"pt_BR\" \/>\n<meta property=\"og:type\" content=\"article\" \/>\n<meta property=\"og:title\" content=\"(Trans)Forma\u00e7\u00e3o docente na educa\u00e7\u00e3o bil\u00edngue p\u00fablica: saberes em movimento por meio da pesquisa e da parceria universidade-escola\" \/>\n<meta property=\"og:description\" content=\"(Trans)Forma\u00e7\u00e3o Docente na Educa\u00e7\u00e3o Bil\u00edngue P\u00fablica: saberes em movimento por meio da pesquisa e da parceria Universidade\u2013Escola coloca a forma\u00e7\u00e3o docente no centro do debate sobre a educa\u00e7\u00e3o bil\u00edngue p\u00fablica no Brasil. Reunindo pesquisas, experi\u00eancias e relatos desenvolvidos em diferentes regi\u00f5es do pa\u00eds, a obra evidencia desafios, possibilidades e transforma\u00e7\u00f5es que emergem da constru\u00e7\u00e3o de [&hellip;]\" \/>\n<meta property=\"og:url\" content=\"https:\/\/ponteseditores.com.br\/loja3\/loja\/transformacao-docente-na-educacao-bilingue-publica-saberes-em-movimento-por-meio-da-pesquisa-e-da-parceria-universidade-escola\/\" \/>\n<meta property=\"og:site_name\" content=\"Pontes Editores\" \/>\n<meta property=\"article:modified_time\" content=\"2026-09-04T16:29:42+00:00\" \/>\n<meta property=\"og:image\" content=\"https:\/\/ponteseditores.com.br\/loja3\/wp-content\/uploads\/2026\/09\/Capa_TransFormacao.jpg\" \/>\n\t<meta property=\"og:image:width\" content=\"800\" \/>\n\t<meta property=\"og:image:height\" content=\"1159\" \/>\n\t<meta property=\"og:image:type\" content=\"image\/jpeg\" \/>\n<meta name=\"twitter:card\" content=\"summary_large_image\" \/>\n<meta name=\"twitter:label1\" content=\"Est. tempo de leitura\" \/>\n\t<meta name=\"twitter:data1\" content=\"2 minutos\" \/>\n<script type=\"application\/ld+json\" class=\"yoast-schema-graph\">{\"@context\":\"https:\\\/\\\/schema.org\",\"@graph\":[{\"@type\":\"WebPage\",\"@id\":\"https:\\\/\\\/ponteseditores.com.br\\\/loja3\\\/loja\\\/transformacao-docente-na-educacao-bilingue-publica-saberes-em-movimento-por-meio-da-pesquisa-e-da-parceria-universidade-escola\\\/\",\"url\":\"https:\\\/\\\/ponteseditores.com.br\\\/loja3\\\/loja\\\/transformacao-docente-na-educacao-bilingue-publica-saberes-em-movimento-por-meio-da-pesquisa-e-da-parceria-universidade-escola\\\/\",\"name\":\"(Trans)Forma\u00e7\u00e3o docente na educa\u00e7\u00e3o bil\u00edngue p\u00fablica: saberes em movimento por meio da pesquisa e da parceria universidade-escola - Pontes Editores\",\"isPartOf\":{\"@id\":\"https:\\\/\\\/ponteseditores.com.br\\\/loja3\\\/#website\"},\"primaryImageOfPage\":{\"@id\":\"https:\\\/\\\/ponteseditores.com.br\\\/loja3\\\/loja\\\/transformacao-docente-na-educacao-bilingue-publica-saberes-em-movimento-por-meio-da-pesquisa-e-da-parceria-universidade-escola\\\/#primaryimage\"},\"image\":{\"@id\":\"https:\\\/\\\/ponteseditores.com.br\\\/loja3\\\/loja\\\/transformacao-docente-na-educacao-bilingue-publica-saberes-em-movimento-por-meio-da-pesquisa-e-da-parceria-universidade-escola\\\/#primaryimage\"},\"thumbnailUrl\":\"https:\\\/\\\/ponteseditores.com.br\\\/loja3\\\/wp-content\\\/uploads\\\/2026\\\/09\\\/Capa_TransFormacao.jpg\",\"datePublished\":\"2026-09-04T16:29:41+00:00\",\"dateModified\":\"2026-09-04T16:29:42+00:00\",\"breadcrumb\":{\"@id\":\"https:\\\/\\\/ponteseditores.com.br\\\/loja3\\\/loja\\\/transformacao-docente-na-educacao-bilingue-publica-saberes-em-movimento-por-meio-da-pesquisa-e-da-parceria-universidade-escola\\\/#breadcrumb\"},\"inLanguage\":\"pt-BR\",\"potentialAction\":[{\"@type\":\"ReadAction\",\"target\":[\"https:\\\/\\\/ponteseditores.com.br\\\/loja3\\\/loja\\\/transformacao-docente-na-educacao-bilingue-publica-saberes-em-movimento-por-meio-da-pesquisa-e-da-parceria-universidade-escola\\\/\"]}]},{\"@type\":\"ImageObject\",\"inLanguage\":\"pt-BR\",\"@id\":\"https:\\\/\\\/ponteseditores.com.br\\\/loja3\\\/loja\\\/transformacao-docente-na-educacao-bilingue-publica-saberes-em-movimento-por-meio-da-pesquisa-e-da-parceria-universidade-escola\\\/#primaryimage\",\"url\":\"https:\\\/\\\/ponteseditores.com.br\\\/loja3\\\/wp-content\\\/uploads\\\/2026\\\/09\\\/Capa_TransFormacao.jpg\",\"contentUrl\":\"https:\\\/\\\/ponteseditores.com.br\\\/loja3\\\/wp-content\\\/uploads\\\/2026\\\/09\\\/Capa_TransFormacao.jpg\",\"width\":800,\"height\":1159},{\"@type\":\"BreadcrumbList\",\"@id\":\"https:\\\/\\\/ponteseditores.com.br\\\/loja3\\\/loja\\\/transformacao-docente-na-educacao-bilingue-publica-saberes-em-movimento-por-meio-da-pesquisa-e-da-parceria-universidade-escola\\\/#breadcrumb\",\"itemListElement\":[{\"@type\":\"ListItem\",\"position\":1,\"name\":\"Home\",\"item\":\"https:\\\/\\\/ponteseditores.com.br\\\/loja3\\\/\"},{\"@type\":\"ListItem\",\"position\":2,\"name\":\"loja\",\"item\":\"https:\\\/\\\/ponteseditores.com.br\\\/loja3\\\/loja\\\/\"},{\"@type\":\"ListItem\",\"position\":3,\"name\":\"(Trans)Forma\u00e7\u00e3o docente na educa\u00e7\u00e3o bil\u00edngue p\u00fablica: saberes em movimento por meio da pesquisa e da parceria universidade-escola\"}]},{\"@type\":\"WebSite\",\"@id\":\"https:\\\/\\\/ponteseditores.com.br\\\/loja3\\\/#website\",\"url\":\"https:\\\/\\\/ponteseditores.com.br\\\/loja3\\\/\",\"name\":\"Pontes Editores\",\"description\":\"Pontes Editores\",\"publisher\":{\"@id\":\"https:\\\/\\\/ponteseditores.com.br\\\/loja3\\\/#organization\"},\"potentialAction\":[{\"@type\":\"SearchAction\",\"target\":{\"@type\":\"EntryPoint\",\"urlTemplate\":\"https:\\\/\\\/ponteseditores.com.br\\\/loja3\\\/?s={search_term_string}\"},\"query-input\":{\"@type\":\"PropertyValueSpecification\",\"valueRequired\":true,\"valueName\":\"search_term_string\"}}],\"inLanguage\":\"pt-BR\"},{\"@type\":\"Organization\",\"@id\":\"https:\\\/\\\/ponteseditores.com.br\\\/loja3\\\/#organization\",\"name\":\"Pontes Editores\",\"url\":\"https:\\\/\\\/ponteseditores.com.br\\\/loja3\\\/\",\"logo\":{\"@type\":\"ImageObject\",\"inLanguage\":\"pt-BR\",\"@id\":\"https:\\\/\\\/ponteseditores.com.br\\\/loja3\\\/#\\\/schema\\\/logo\\\/image\\\/\",\"url\":\"https:\\\/\\\/ponteseditores.com.br\\\/loja3\\\/wp-content\\\/uploads\\\/2023\\\/12\\\/logo-pontes-editores-v2.png\",\"contentUrl\":\"https:\\\/\\\/ponteseditores.com.br\\\/loja3\\\/wp-content\\\/uploads\\\/2023\\\/12\\\/logo-pontes-editores-v2.png\",\"width\":258,\"height\":100,\"caption\":\"Pontes Editores\"},\"image\":{\"@id\":\"https:\\\/\\\/ponteseditores.com.br\\\/loja3\\\/#\\\/schema\\\/logo\\\/image\\\/\"},\"sameAs\":[\"https:\\\/\\\/www.instagram.com\\\/editorapontes\\\/\"],\"telephone\":\"+55 (19) 3252-6011\"}]}<\/script>\n<!-- \/ Yoast SEO Premium plugin. -->","yoast_head_json":{"title":"(Trans)Forma\u00e7\u00e3o docente na educa\u00e7\u00e3o bil\u00edngue p\u00fablica: saberes em movimento por meio da pesquisa e da parceria universidade-escola - Pontes Editores","robots":{"index":"index","follow":"follow","max-snippet":"max-snippet:-1","max-image-preview":"max-image-preview:large","max-video-preview":"max-video-preview:-1"},"canonical":"https:\/\/ponteseditores.com.br\/loja3\/loja\/transformacao-docente-na-educacao-bilingue-publica-saberes-em-movimento-por-meio-da-pesquisa-e-da-parceria-universidade-escola\/","og_locale":"pt_BR","og_type":"article","og_title":"(Trans)Forma\u00e7\u00e3o docente na educa\u00e7\u00e3o bil\u00edngue p\u00fablica: saberes em movimento por meio da pesquisa e da parceria universidade-escola","og_description":"(Trans)Forma\u00e7\u00e3o Docente na Educa\u00e7\u00e3o Bil\u00edngue P\u00fablica: saberes em movimento por meio da pesquisa e da parceria Universidade\u2013Escola coloca a forma\u00e7\u00e3o docente no centro do debate sobre a educa\u00e7\u00e3o bil\u00edngue p\u00fablica no Brasil. Reunindo pesquisas, experi\u00eancias e relatos desenvolvidos em diferentes regi\u00f5es do pa\u00eds, a obra evidencia desafios, possibilidades e transforma\u00e7\u00f5es que emergem da constru\u00e7\u00e3o de [&hellip;]","og_url":"https:\/\/ponteseditores.com.br\/loja3\/loja\/transformacao-docente-na-educacao-bilingue-publica-saberes-em-movimento-por-meio-da-pesquisa-e-da-parceria-universidade-escola\/","og_site_name":"Pontes Editores","article_modified_time":"2026-09-04T16:29:42+00:00","og_image":[{"width":800,"height":1159,"url":"https:\/\/ponteseditores.com.br\/loja3\/wp-content\/uploads\/2026\/09\/Capa_TransFormacao.jpg","type":"image\/jpeg"}],"twitter_card":"summary_large_image","twitter_misc":{"Est. tempo de leitura":"2 minutos"},"schema":{"@context":"https:\/\/schema.org","@graph":[{"@type":"WebPage","@id":"https:\/\/ponteseditores.com.br\/loja3\/loja\/transformacao-docente-na-educacao-bilingue-publica-saberes-em-movimento-por-meio-da-pesquisa-e-da-parceria-universidade-escola\/","url":"https:\/\/ponteseditores.com.br\/loja3\/loja\/transformacao-docente-na-educacao-bilingue-publica-saberes-em-movimento-por-meio-da-pesquisa-e-da-parceria-universidade-escola\/","name":"(Trans)Forma\u00e7\u00e3o docente na educa\u00e7\u00e3o bil\u00edngue p\u00fablica: saberes em movimento por meio da pesquisa e da parceria universidade-escola - Pontes Editores","isPartOf":{"@id":"https:\/\/ponteseditores.com.br\/loja3\/#website"},"primaryImageOfPage":{"@id":"https:\/\/ponteseditores.com.br\/loja3\/loja\/transformacao-docente-na-educacao-bilingue-publica-saberes-em-movimento-por-meio-da-pesquisa-e-da-parceria-universidade-escola\/#primaryimage"},"image":{"@id":"https:\/\/ponteseditores.com.br\/loja3\/loja\/transformacao-docente-na-educacao-bilingue-publica-saberes-em-movimento-por-meio-da-pesquisa-e-da-parceria-universidade-escola\/#primaryimage"},"thumbnailUrl":"https:\/\/ponteseditores.com.br\/loja3\/wp-content\/uploads\/2026\/09\/Capa_TransFormacao.jpg","datePublished":"2026-09-04T16:29:41+00:00","dateModified":"2026-09-04T16:29:42+00:00","breadcrumb":{"@id":"https:\/\/ponteseditores.com.br\/loja3\/loja\/transformacao-docente-na-educacao-bilingue-publica-saberes-em-movimento-por-meio-da-pesquisa-e-da-parceria-universidade-escola\/#breadcrumb"},"inLanguage":"pt-BR","potentialAction":[{"@type":"ReadAction","target":["https:\/\/ponteseditores.com.br\/loja3\/loja\/transformacao-docente-na-educacao-bilingue-publica-saberes-em-movimento-por-meio-da-pesquisa-e-da-parceria-universidade-escola\/"]}]},{"@type":"ImageObject","inLanguage":"pt-BR","@id":"https:\/\/ponteseditores.com.br\/loja3\/loja\/transformacao-docente-na-educacao-bilingue-publica-saberes-em-movimento-por-meio-da-pesquisa-e-da-parceria-universidade-escola\/#primaryimage","url":"https:\/\/ponteseditores.com.br\/loja3\/wp-content\/uploads\/2026\/09\/Capa_TransFormacao.jpg","contentUrl":"https:\/\/ponteseditores.com.br\/loja3\/wp-content\/uploads\/2026\/09\/Capa_TransFormacao.jpg","width":800,"height":1159},{"@type":"BreadcrumbList","@id":"https:\/\/ponteseditores.com.br\/loja3\/loja\/transformacao-docente-na-educacao-bilingue-publica-saberes-em-movimento-por-meio-da-pesquisa-e-da-parceria-universidade-escola\/#breadcrumb","itemListElement":[{"@type":"ListItem","position":1,"name":"Home","item":"https:\/\/ponteseditores.com.br\/loja3\/"},{"@type":"ListItem","position":2,"name":"loja","item":"https:\/\/ponteseditores.com.br\/loja3\/loja\/"},{"@type":"ListItem","position":3,"name":"(Trans)Forma\u00e7\u00e3o docente na educa\u00e7\u00e3o bil\u00edngue p\u00fablica: saberes em movimento por meio da pesquisa e da parceria universidade-escola"}]},{"@type":"WebSite","@id":"https:\/\/ponteseditores.com.br\/loja3\/#website","url":"https:\/\/ponteseditores.com.br\/loja3\/","name":"Pontes Editores","description":"Pontes Editores","publisher":{"@id":"https:\/\/ponteseditores.com.br\/loja3\/#organization"},"potentialAction":[{"@type":"SearchAction","target":{"@type":"EntryPoint","urlTemplate":"https:\/\/ponteseditores.com.br\/loja3\/?s={search_term_string}"},"query-input":{"@type":"PropertyValueSpecification","valueRequired":true,"valueName":"search_term_string"}}],"inLanguage":"pt-BR"},{"@type":"Organization","@id":"https:\/\/ponteseditores.com.br\/loja3\/#organization","name":"Pontes Editores","url":"https:\/\/ponteseditores.com.br\/loja3\/","logo":{"@type":"ImageObject","inLanguage":"pt-BR","@id":"https:\/\/ponteseditores.com.br\/loja3\/#\/schema\/logo\/image\/","url":"https:\/\/ponteseditores.com.br\/loja3\/wp-content\/uploads\/2023\/12\/logo-pontes-editores-v2.png","contentUrl":"https:\/\/ponteseditores.com.br\/loja3\/wp-content\/uploads\/2023\/12\/logo-pontes-editores-v2.png","width":258,"height":100,"caption":"Pontes Editores"},"image":{"@id":"https:\/\/ponteseditores.com.br\/loja3\/#\/schema\/logo\/image\/"},"sameAs":["https:\/\/www.instagram.com\/editorapontes\/"],"telephone":"+55 (19) 3252-6011"}]}},"_links":{"self":[{"href":"https:\/\/ponteseditores.com.br\/loja3\/wp-json\/wp\/v2\/product\/46495","targetHints":{"allow":["GET"]}}],"collection":[{"href":"https:\/\/ponteseditores.com.br\/loja3\/wp-json\/wp\/v2\/product"}],"about":[{"href":"https:\/\/ponteseditores.com.br\/loja3\/wp-json\/wp\/v2\/types\/product"}],"version-history":[{"count":1,"href":"https:\/\/ponteseditores.com.br\/loja3\/wp-json\/wp\/v2\/product\/46495\/revisions"}],"predecessor-version":[{"id":46498,"href":"https:\/\/ponteseditores.com.br\/loja3\/wp-json\/wp\/v2\/product\/46495\/revisions\/46498"}],"wp:featuredmedia":[{"embeddable":true,"href":"https:\/\/ponteseditores.com.br\/loja3\/wp-json\/wp\/v2\/media\/46497"}],"wp:attachment":[{"href":"https:\/\/ponteseditores.com.br\/loja3\/wp-json\/wp\/v2\/media?parent=46495"}],"wp:term":[{"taxonomy":"product_brand","embeddable":true,"href":"https:\/\/ponteseditores.com.br\/loja3\/wp-json\/wp\/v2\/product_brand?post=46495"},{"taxonomy":"product_cat","embeddable":true,"href":"https:\/\/ponteseditores.com.br\/loja3\/wp-json\/wp\/v2\/product_cat?post=46495"},{"taxonomy":"product_tag","embeddable":true,"href":"https:\/\/ponteseditores.com.br\/loja3\/wp-json\/wp\/v2\/product_tag?post=46495"}],"curies":[{"name":"wp","href":"https:\/\/api.w.org\/{rel}","templated":true}]}}